{"id":21999,"date":"2020-04-06T12:51:13","date_gmt":"2020-04-06T12:51:13","guid":{"rendered":"https:\/\/ciiam.org\/noticias\/"},"modified":"2025-02-28T14:49:37","modified_gmt":"2025-02-28T14:49:37","slug":"latest-news","status":"publish","type":"page","link":"https:\/\/ciiam.org\/en\/latest-news\/","title":{"rendered":"Latest News"},"content":{"rendered":"\t\t<div data-elementor-type=\"wp-page\" data-elementor-id=\"21999\" class=\"elementor elementor-21999 elementor-2903\" data-elementor-post-type=\"page\">\n\t\t\t\t\t\t<section class=\"elementor-section elementor-top-section elementor-element elementor-element-41a2ca59 elementor-section-stretched elementor-section-full_width elementor-hidden-desktop elementor-hidden-tablet elementor-hidden-phone elementor-section-height-default elementor-section-height-default\" data-id=\"41a2ca59\" data-element_type=\"section\" data-e-type=\"section\" data-settings=\"{&quot;stretch_section&quot;:&quot;section-stretched&quot;,&quot;jet_parallax_layout_list&quot;:[{&quot;jet_parallax_layout_image&quot;:{&quot;url&quot;:&quot;&quot;,&quot;id&quot;:&quot;&quot;,&quot;size&quot;:&quot;&quot;},&quot;_id&quot;:&quot;c9e9ffd&quot;,&quot;jet_parallax_layout_image_tablet&quot;:{&quot;url&quot;:&quot;&quot;,&quot;id&quot;:&quot;&quot;,&quot;size&quot;:&quot;&quot;},&quot;jet_parallax_layout_image_mobile&quot;:{&quot;url&quot;:&quot;&quot;,&quot;id&quot;:&quot;&quot;,&quot;size&quot;:&quot;&quot;},&quot;jet_parallax_layout_speed&quot;:{&quot;unit&quot;:&quot;%&quot;,&quot;size&quot;:50,&quot;sizes&quot;:[]},&quot;jet_parallax_layout_type&quot;:&quot;scroll&quot;,&quot;jet_parallax_layout_direction&quot;:&quot;1&quot;,&quot;jet_parallax_layout_fx_direction&quot;:null,&quot;jet_parallax_layout_z_index&quot;:&quot;&quot;,&quot;jet_parallax_layout_bg_x&quot;:50,&quot;jet_parallax_layout_bg_x_tablet&quot;:&quot;&quot;,&quot;jet_parallax_layout_bg_x_mobile&quot;:&quot;&quot;,&quot;jet_parallax_layout_bg_y&quot;:50,&quot;jet_parallax_layout_bg_y_tablet&quot;:&quot;&quot;,&quot;jet_parallax_layout_bg_y_mobile&quot;:&quot;&quot;,&quot;jet_parallax_layout_bg_size&quot;:&quot;auto&quot;,&quot;jet_parallax_layout_bg_size_tablet&quot;:&quot;&quot;,&quot;jet_parallax_layout_bg_size_mobile&quot;:&quot;&quot;,&quot;jet_parallax_layout_animation_prop&quot;:&quot;transform&quot;,&quot;jet_parallax_layout_on&quot;:[&quot;desktop&quot;,&quot;tablet&quot;]}]}\">\n\t\t\t\t\t\t<div class=\"elementor-container elementor-column-gap-default\">\n\t\t\t\t\t<div class=\"elementor-column elementor-col-100 elementor-top-column elementor-element elementor-element-40d7211b\" data-id=\"40d7211b\" data-element_type=\"column\" data-e-type=\"column\">\n\t\t\t<div class=\"elementor-widget-wrap elementor-element-populated\">\n\t\t\t\t\t\t<div class=\"elementor-element elementor-element-2f5ea376 elementor-hidden-phone elementor-widget elementor-widget-image\" data-id=\"2f5ea376\" data-element_type=\"widget\" data-e-type=\"widget\" data-widget_type=\"image.default\">\n\t\t\t\t<div class=\"elementor-widget-container\">\n\t\t\t\t\t\t\t\t\t\t\t\t\t\t\t<img decoding=\"async\" src=\"https:\/\/ciiam.org\/wp-content\/uploads\/elementor\/thumbs\/B1-ole76ws7gqjs71hvdtk7rnbimysixac7hsbc8lmlyk.jpg\" title=\"B1\" alt=\"B1\" loading=\"lazy\" \/>\t\t\t\t\t\t\t\t\t\t\t\t\t\t\t<\/div>\n\t\t\t\t<\/div>\n\t\t\t\t\t<\/div>\n\t\t<\/div>\n\t\t\t\t\t<\/div>\n\t\t<\/section>\n\t\t\t\t<section class=\"elementor-section elementor-top-section elementor-element elementor-element-1278c152 elementor-section-stretched elementor-section-full_width elementor-hidden-desktop elementor-hidden-tablet elementor-hidden-phone elementor-section-height-default elementor-section-height-default\" data-id=\"1278c152\" data-element_type=\"section\" data-e-type=\"section\" data-settings=\"{&quot;stretch_section&quot;:&quot;section-stretched&quot;,&quot;jet_parallax_layout_list&quot;:[{&quot;jet_parallax_layout_image&quot;:{&quot;url&quot;:&quot;&quot;,&quot;id&quot;:&quot;&quot;,&quot;size&quot;:&quot;&quot;},&quot;_id&quot;:&quot;06dcae1&quot;,&quot;jet_parallax_layout_image_tablet&quot;:{&quot;url&quot;:&quot;&quot;,&quot;id&quot;:&quot;&quot;,&quot;size&quot;:&quot;&quot;},&quot;jet_parallax_layout_image_mobile&quot;:{&quot;url&quot;:&quot;&quot;,&quot;id&quot;:&quot;&quot;,&quot;size&quot;:&quot;&quot;},&quot;jet_parallax_layout_speed&quot;:{&quot;unit&quot;:&quot;%&quot;,&quot;size&quot;:50,&quot;sizes&quot;:[]},&quot;jet_parallax_layout_type&quot;:&quot;scroll&quot;,&quot;jet_parallax_layout_direction&quot;:&quot;1&quot;,&quot;jet_parallax_layout_fx_direction&quot;:null,&quot;jet_parallax_layout_z_index&quot;:&quot;&quot;,&quot;jet_parallax_layout_bg_x&quot;:50,&quot;jet_parallax_layout_bg_x_tablet&quot;:&quot;&quot;,&quot;jet_parallax_layout_bg_x_mobile&quot;:&quot;&quot;,&quot;jet_parallax_layout_bg_y&quot;:50,&quot;jet_parallax_layout_bg_y_tablet&quot;:&quot;&quot;,&quot;jet_parallax_layout_bg_y_mobile&quot;:&quot;&quot;,&quot;jet_parallax_layout_bg_size&quot;:&quot;auto&quot;,&quot;jet_parallax_layout_bg_size_tablet&quot;:&quot;&quot;,&quot;jet_parallax_layout_bg_size_mobile&quot;:&quot;&quot;,&quot;jet_parallax_layout_animation_prop&quot;:&quot;transform&quot;,&quot;jet_parallax_layout_on&quot;:[&quot;desktop&quot;,&quot;tablet&quot;]}]}\">\n\t\t\t\t\t\t<div class=\"elementor-container elementor-column-gap-default\">\n\t\t\t\t\t<div class=\"elementor-column elementor-col-100 elementor-top-column elementor-element elementor-element-6c040fff\" data-id=\"6c040fff\" data-element_type=\"column\" data-e-type=\"column\">\n\t\t\t<div class=\"elementor-widget-wrap elementor-element-populated\">\n\t\t\t\t\t\t<div class=\"elementor-element elementor-element-23fb4e8 elementor-hidden-desktop elementor-hidden-tablet elementor-widget elementor-widget-image\" data-id=\"23fb4e8\" data-element_type=\"widget\" data-e-type=\"widget\" data-widget_type=\"image.default\">\n\t\t\t\t<div class=\"elementor-widget-container\">\n\t\t\t\t\t\t\t\t\t\t\t\t\t\t\t<img decoding=\"async\" src=\"https:\/\/ciiam.org\/wp-content\/uploads\/elementor\/thumbs\/B1-ole76ws7gql7ciul809d3ewjlkx140a5zi1xazy1kg.jpg\" title=\"B1\" alt=\"B1\" loading=\"lazy\" \/>\t\t\t\t\t\t\t\t\t\t\t\t\t\t\t<\/div>\n\t\t\t\t<\/div>\n\t\t\t\t\t<\/div>\n\t\t<\/div>\n\t\t\t\t\t<\/div>\n\t\t<\/section>\n\t\t\t\t<section class=\"elementor-section elementor-top-section elementor-element elementor-element-23862df7 elementor-section-stretched elementor-section-boxed elementor-section-height-default elementor-section-height-default\" data-id=\"23862df7\" data-element_type=\"section\" data-e-type=\"section\" data-settings=\"{&quot;stretch_section&quot;:&quot;section-stretched&quot;,&quot;jet_parallax_layout_list&quot;:[{&quot;jet_parallax_layout_image&quot;:{&quot;url&quot;:&quot;&quot;,&quot;id&quot;:&quot;&quot;,&quot;size&quot;:&quot;&quot;},&quot;_id&quot;:&quot;f06745d&quot;,&quot;jet_parallax_layout_image_tablet&quot;:{&quot;url&quot;:&quot;&quot;,&quot;id&quot;:&quot;&quot;,&quot;size&quot;:&quot;&quot;},&quot;jet_parallax_layout_image_mobile&quot;:{&quot;url&quot;:&quot;&quot;,&quot;id&quot;:&quot;&quot;,&quot;size&quot;:&quot;&quot;},&quot;jet_parallax_layout_speed&quot;:{&quot;unit&quot;:&quot;%&quot;,&quot;size&quot;:50,&quot;sizes&quot;:[]},&quot;jet_parallax_layout_type&quot;:&quot;scroll&quot;,&quot;jet_parallax_layout_direction&quot;:&quot;1&quot;,&quot;jet_parallax_layout_fx_direction&quot;:null,&quot;jet_parallax_layout_z_index&quot;:&quot;&quot;,&quot;jet_parallax_layout_bg_x&quot;:50,&quot;jet_parallax_layout_bg_x_tablet&quot;:&quot;&quot;,&quot;jet_parallax_layout_bg_x_mobile&quot;:&quot;&quot;,&quot;jet_parallax_layout_bg_y&quot;:50,&quot;jet_parallax_layout_bg_y_tablet&quot;:&quot;&quot;,&quot;jet_parallax_layout_bg_y_mobile&quot;:&quot;&quot;,&quot;jet_parallax_layout_bg_size&quot;:&quot;auto&quot;,&quot;jet_parallax_layout_bg_size_tablet&quot;:&quot;&quot;,&quot;jet_parallax_layout_bg_size_mobile&quot;:&quot;&quot;,&quot;jet_parallax_layout_animation_prop&quot;:&quot;transform&quot;,&quot;jet_parallax_layout_on&quot;:[&quot;desktop&quot;,&quot;tablet&quot;]}],&quot;background_background&quot;:&quot;classic&quot;}\">\n\t\t\t\t\t\t<div class=\"elementor-container elementor-column-gap-default\">\n\t\t\t\t\t<div class=\"elementor-column elementor-col-100 elementor-top-column elementor-element elementor-element-7e550c70\" data-id=\"7e550c70\" data-element_type=\"column\" data-e-type=\"column\">\n\t\t\t<div class=\"elementor-widget-wrap elementor-element-populated\">\n\t\t\t\t\t\t<div class=\"elementor-element elementor-element-7fb0794b elementor-align-flex-start elementor-widget elementor-widget-raven-breadcrumbs\" data-id=\"7fb0794b\" data-element_type=\"widget\" data-e-type=\"widget\" data-widget_type=\"raven-breadcrumbs.default\">\n\t\t\t\t<div class=\"elementor-widget-container\">\n\t\t\t\t\t<div class=\"raven-breadcrumbs raven-breadcrumbs-default\"><div class=\"breadcrumb\">\t\t\t\t<div class=\"breadcrumb-item active\" aria-current=\"page\"><span>Home<\/span><\/div>\n\n\t\t\t\t<\/div><\/div>\t\t\t\t<\/div>\n\t\t\t\t<\/div>\n\t\t\t\t\t<\/div>\n\t\t<\/div>\n\t\t\t\t\t<\/div>\n\t\t<\/section>\n\t\t\t\t<section class=\"elementor-section elementor-top-section elementor-element elementor-element-808c8d1 elementor-section-stretched elementor-section-boxed elementor-section-height-default elementor-section-height-default\" data-id=\"808c8d1\" data-element_type=\"section\" data-e-type=\"section\" data-settings=\"{&quot;stretch_section&quot;:&quot;section-stretched&quot;,&quot;jet_parallax_layout_list&quot;:[{&quot;jet_parallax_layout_image&quot;:{&quot;url&quot;:&quot;&quot;,&quot;id&quot;:&quot;&quot;,&quot;size&quot;:&quot;&quot;},&quot;_id&quot;:&quot;bad587d&quot;,&quot;jet_parallax_layout_image_tablet&quot;:{&quot;url&quot;:&quot;&quot;,&quot;id&quot;:&quot;&quot;,&quot;size&quot;:&quot;&quot;},&quot;jet_parallax_layout_image_mobile&quot;:{&quot;url&quot;:&quot;&quot;,&quot;id&quot;:&quot;&quot;,&quot;size&quot;:&quot;&quot;},&quot;jet_parallax_layout_speed&quot;:{&quot;unit&quot;:&quot;%&quot;,&quot;size&quot;:50,&quot;sizes&quot;:[]},&quot;jet_parallax_layout_type&quot;:&quot;scroll&quot;,&quot;jet_parallax_layout_direction&quot;:&quot;1&quot;,&quot;jet_parallax_layout_fx_direction&quot;:null,&quot;jet_parallax_layout_z_index&quot;:&quot;&quot;,&quot;jet_parallax_layout_bg_x&quot;:50,&quot;jet_parallax_layout_bg_x_tablet&quot;:&quot;&quot;,&quot;jet_parallax_layout_bg_x_mobile&quot;:&quot;&quot;,&quot;jet_parallax_layout_bg_y&quot;:50,&quot;jet_parallax_layout_bg_y_tablet&quot;:&quot;&quot;,&quot;jet_parallax_layout_bg_y_mobile&quot;:&quot;&quot;,&quot;jet_parallax_layout_bg_size&quot;:&quot;auto&quot;,&quot;jet_parallax_layout_bg_size_tablet&quot;:&quot;&quot;,&quot;jet_parallax_layout_bg_size_mobile&quot;:&quot;&quot;,&quot;jet_parallax_layout_animation_prop&quot;:&quot;transform&quot;,&quot;jet_parallax_layout_on&quot;:[&quot;desktop&quot;,&quot;tablet&quot;]}],&quot;background_background&quot;:&quot;classic&quot;}\">\n\t\t\t\t\t\t<div class=\"elementor-container elementor-column-gap-default\">\n\t\t\t\t\t<div class=\"elementor-column elementor-col-100 elementor-top-column elementor-element elementor-element-dcf945f\" data-id=\"dcf945f\" data-element_type=\"column\" data-e-type=\"column\">\n\t\t\t<div class=\"elementor-widget-wrap elementor-element-populated\">\n\t\t\t\t\t\t<div class=\"elementor-element elementor-element-7d9a6b39 elementor-widget elementor-widget-heading\" data-id=\"7d9a6b39\" data-element_type=\"widget\" data-e-type=\"widget\" data-widget_type=\"heading.default\">\n\t\t\t\t<div class=\"elementor-widget-container\">\n\t\t\t\t\t<h1 class=\"elementor-heading-title elementor-size-default\">Latest News<\/h1>\t\t\t\t<\/div>\n\t\t\t\t<\/div>\n\t\t\t\t<div class=\"elementor-element elementor-element-d42510f elementor-hidden-tablet elementor-grid-3 elementor-grid-tablet-2 elementor-grid-mobile-1 elementor-posts--thumbnail-top elementor-widget elementor-widget-posts\" data-id=\"d42510f\" data-element_type=\"widget\" data-e-type=\"widget\" id=\"cajas\" data-settings=\"{&quot;classic_columns&quot;:&quot;3&quot;,&quot;classic_columns_tablet&quot;:&quot;2&quot;,&quot;classic_columns_mobile&quot;:&quot;1&quot;,&quot;classic_row_gap&quot;:{&quot;unit&quot;:&quot;px&quot;,&quot;size&quot;:35,&quot;sizes&quot;:[]},&quot;classic_row_gap_tablet&quot;:{&quot;unit&quot;:&quot;px&quot;,&quot;size&quot;:&quot;&quot;,&quot;sizes&quot;:[]},&quot;classic_row_gap_mobile&quot;:{&quot;unit&quot;:&quot;px&quot;,&quot;size&quot;:&quot;&quot;,&quot;sizes&quot;:[]}}\" data-widget_type=\"posts.classic\">\n\t\t\t\t<div class=\"elementor-widget-container\">\n\t\t\t\t\t\t\t<div class=\"elementor-posts-container elementor-posts elementor-posts--skin-classic elementor-grid\" role=\"list\">\n\t\t\t\t<article class=\"elementor-post elementor-grid-item post-36643 post type-post status-publish format-standard has-post-thumbnail hentry category-actualidad\" role=\"listitem\">\n\t\t\t\t<a class=\"elementor-post__thumbnail__link\" href=\"https:\/\/ciiam.org\/en\/ciiam-renueva-la-conformacion-de-su-pleno-y-de-sus-comisiones\/\" tabindex=\"-1\" >\n\t\t\t<div class=\"elementor-post__thumbnail\"><img fetchpriority=\"high\" decoding=\"async\" width=\"1920\" height=\"1080\" src=\"https:\/\/ciiam.org\/wp-content\/uploads\/2026\/04\/Jose-Astigarraga-Andrea-Orta-y-Eugenio-Ribon.jpg\" class=\"attachment-full size-full wp-image-36644\" alt=\"\" srcset=\"https:\/\/ciiam.org\/wp-content\/uploads\/2026\/04\/Jose-Astigarraga-Andrea-Orta-y-Eugenio-Ribon.jpg 1920w, https:\/\/ciiam.org\/wp-content\/uploads\/2026\/04\/Jose-Astigarraga-Andrea-Orta-y-Eugenio-Ribon-300x169.jpg 300w, https:\/\/ciiam.org\/wp-content\/uploads\/2026\/04\/Jose-Astigarraga-Andrea-Orta-y-Eugenio-Ribon-1024x576.jpg 1024w, https:\/\/ciiam.org\/wp-content\/uploads\/2026\/04\/Jose-Astigarraga-Andrea-Orta-y-Eugenio-Ribon-768x432.jpg 768w, https:\/\/ciiam.org\/wp-content\/uploads\/2026\/04\/Jose-Astigarraga-Andrea-Orta-y-Eugenio-Ribon-1536x864.jpg 1536w\" sizes=\"(max-width: 1920px) 100vw, 1920px\" \/><\/div>\n\t\t<\/a>\n\t\t\t\t<div class=\"elementor-post__text\">\n\t\t\t\t<h3 class=\"elementor-post__title\">\n\t\t\t<a href=\"https:\/\/ciiam.org\/en\/ciiam-renueva-la-conformacion-de-su-pleno-y-de-sus-comisiones\/\" >\n\t\t\t\tCIIAM renueva la conformaci\u00f3n de su Pleno y de sus Comisiones\t\t\t<\/a>\n\t\t<\/h3>\n\t\t\t\t<div class=\"elementor-post__meta-data\">\n\t\t\t\t\t<span class=\"elementor-post-date\">\n\t\t\t6 April, 2026\t\t<\/span>\n\t\t\t\t<\/div>\n\t\t\t\t<div class=\"elementor-post__excerpt\">\n\t\t\t<p>El Centro refuerza as\u00ed su estructura institucional con perfiles internacionales que aportan una s\u00f3lida trayectoria en el \u00e1mbito p\u00fablico y privado Madrid, 06\/04\/2026.- Tres juristas<\/p>\n\t\t<\/div>\n\t\t\t\t<\/div>\n\t\t\t\t<\/article>\n\t\t\t\t<article class=\"elementor-post elementor-grid-item post-35688 post type-post status-publish format-standard has-post-thumbnail hentry category-actualidad\" role=\"listitem\">\n\t\t\t\t<a class=\"elementor-post__thumbnail__link\" href=\"https:\/\/ciiam.org\/en\/jose-maria-alonso-participa-como-invitado-especial-en-la-xxiv-asamblea-plenaria-de-la-comjib-en-panama\/\" tabindex=\"-1\" >\n\t\t\t<div class=\"elementor-post__thumbnail\"><img decoding=\"async\" width=\"1299\" height=\"812\" src=\"https:\/\/ciiam.org\/wp-content\/uploads\/2026\/03\/COMJIB_Familia.jpg\" class=\"attachment-full size-full wp-image-35690\" alt=\"Fotograf\u00eda de familia COMJIB\" srcset=\"https:\/\/ciiam.org\/wp-content\/uploads\/2026\/03\/COMJIB_Familia.jpg 1299w, https:\/\/ciiam.org\/wp-content\/uploads\/2026\/03\/COMJIB_Familia-300x188.jpg 300w, https:\/\/ciiam.org\/wp-content\/uploads\/2026\/03\/COMJIB_Familia-1024x640.jpg 1024w, https:\/\/ciiam.org\/wp-content\/uploads\/2026\/03\/COMJIB_Familia-768x480.jpg 768w\" sizes=\"(max-width: 1299px) 100vw, 1299px\" \/><\/div>\n\t\t<\/a>\n\t\t\t\t<div class=\"elementor-post__text\">\n\t\t\t\t<h3 class=\"elementor-post__title\">\n\t\t\t<a href=\"https:\/\/ciiam.org\/en\/jose-maria-alonso-participa-como-invitado-especial-en-la-xxiv-asamblea-plenaria-de-la-comjib-en-panama\/\" >\n\t\t\t\tJos\u00e9 Mar\u00eda Alonso participa como invitado especial en la XXIV Asamblea Plenaria de la COMJIB en Panam\u00e1\t\t\t<\/a>\n\t\t<\/h3>\n\t\t\t\t<div class=\"elementor-post__meta-data\">\n\t\t\t\t\t<span class=\"elementor-post-date\">\n\t\t\t6 March, 2026\t\t<\/span>\n\t\t\t\t<\/div>\n\t\t\t\t<div class=\"elementor-post__excerpt\">\n\t\t\t<p>Ciudad de Panam\u00e1, 06\/03\/2026.- El presidente del Centro Internacional e Iberoamericano de Arbitraje de Madrid (CIIAM), Jos\u00e9 Mar\u00eda Alonso, particip\u00f3 como invitado especial en la<\/p>\n\t\t<\/div>\n\t\t\t\t<\/div>\n\t\t\t\t<\/article>\n\t\t\t\t<article class=\"elementor-post elementor-grid-item post-35396 post type-post status-publish format-standard has-post-thumbnail hentry category-actualidad\" role=\"listitem\">\n\t\t\t\t<a class=\"elementor-post__thumbnail__link\" href=\"https:\/\/ciiam.org\/en\/ciiam-administra-en-2025-casos-por-una-cuantia-agregada-de-149-millones-de-euros-un-17-mas-que-el-ano-anterior\/\" tabindex=\"-1\" >\n\t\t\t<div class=\"elementor-post__thumbnail\"><img decoding=\"async\" width=\"1221\" height=\"884\" src=\"https:\/\/ciiam.org\/wp-content\/uploads\/2026\/02\/Estadisticas-2025-1-1.png\" class=\"attachment-full size-full wp-image-35404\" alt=\"2025\" srcset=\"https:\/\/ciiam.org\/wp-content\/uploads\/2026\/02\/Estadisticas-2025-1-1.png 1221w, https:\/\/ciiam.org\/wp-content\/uploads\/2026\/02\/Estadisticas-2025-1-1-300x217.png 300w, https:\/\/ciiam.org\/wp-content\/uploads\/2026\/02\/Estadisticas-2025-1-1-1024x741.png 1024w, https:\/\/ciiam.org\/wp-content\/uploads\/2026\/02\/Estadisticas-2025-1-1-768x556.png 768w\" sizes=\"(max-width: 1221px) 100vw, 1221px\" \/><\/div>\n\t\t<\/a>\n\t\t\t\t<div class=\"elementor-post__text\">\n\t\t\t\t<h3 class=\"elementor-post__title\">\n\t\t\t<a href=\"https:\/\/ciiam.org\/en\/ciiam-administra-en-2025-casos-por-una-cuantia-agregada-de-149-millones-de-euros-un-17-mas-que-el-ano-anterior\/\" >\n\t\t\t\tCIIAM administra en 2025 casos por una cuant\u00eda agregada de 149 millones de euros, un 17% m\u00e1s que el a\u00f1o anterior\t\t\t<\/a>\n\t\t<\/h3>\n\t\t\t\t<div class=\"elementor-post__meta-data\">\n\t\t\t\t\t<span class=\"elementor-post-date\">\n\t\t\t25 February, 2026\t\t<\/span>\n\t\t\t\t<\/div>\n\t\t\t\t<div class=\"elementor-post__excerpt\">\n\t\t\t<p>El CIIAM ha gestionado, desde 2020, un total de 68 casos por una cuant\u00eda agregada en disputa de 424,9 millones de euros En 2025, el<\/p>\n\t\t<\/div>\n\t\t\t\t<\/div>\n\t\t\t\t<\/article>\n\t\t\t\t<\/div>\n\t\t\n\t\t\t\t\t\t<\/div>\n\t\t\t\t<\/div>\n\t\t\t\t<div class=\"elementor-element elementor-element-f11f398 elementor-grid-2 elementor-posts--thumbnail-left elementor-hidden-tablet elementor-grid-tablet-2 elementor-grid-mobile-1 elementor-widget elementor-widget-posts\" data-id=\"f11f398\" data-element_type=\"widget\" data-e-type=\"widget\" id=\"cajas\" data-settings=\"{&quot;classic_columns&quot;:&quot;2&quot;,&quot;pagination_type&quot;:&quot;numbers_and_prev_next&quot;,&quot;classic_columns_tablet&quot;:&quot;2&quot;,&quot;classic_columns_mobile&quot;:&quot;1&quot;,&quot;classic_row_gap&quot;:{&quot;unit&quot;:&quot;px&quot;,&quot;size&quot;:35,&quot;sizes&quot;:[]},&quot;classic_row_gap_tablet&quot;:{&quot;unit&quot;:&quot;px&quot;,&quot;size&quot;:&quot;&quot;,&quot;sizes&quot;:[]},&quot;classic_row_gap_mobile&quot;:{&quot;unit&quot;:&quot;px&quot;,&quot;size&quot;:&quot;&quot;,&quot;sizes&quot;:[]}}\" data-widget_type=\"posts.classic\">\n\t\t\t\t<div class=\"elementor-widget-container\">\n\t\t\t\t\t\t\t<div class=\"elementor-posts-container elementor-posts elementor-posts--skin-classic elementor-grid\" role=\"list\">\n\t\t\t\t<article class=\"elementor-post elementor-grid-item post-35387 post type-post status-publish format-standard has-post-thumbnail hentry category-actualidad\" role=\"listitem\">\n\t\t\t\t<a class=\"elementor-post__thumbnail__link\" href=\"https:\/\/ciiam.org\/en\/ciiam-y-la-aedae-firman-un-convenio-para-impulsar-el-arbitraje-en-el-sector-aeronautico-espacial-y-de-defensa\/\" tabindex=\"-1\" >\n\t\t\t<div class=\"elementor-post__thumbnail\"><img loading=\"lazy\" decoding=\"async\" width=\"1000\" height=\"571\" src=\"https:\/\/ciiam.org\/wp-content\/uploads\/2026\/02\/GT-aeroespacial.jpg\" class=\"attachment-full size-full wp-image-35389\" alt=\"AEDAE\" srcset=\"https:\/\/ciiam.org\/wp-content\/uploads\/2026\/02\/GT-aeroespacial.jpg 1000w, https:\/\/ciiam.org\/wp-content\/uploads\/2026\/02\/GT-aeroespacial-300x171.jpg 300w, https:\/\/ciiam.org\/wp-content\/uploads\/2026\/02\/GT-aeroespacial-768x439.jpg 768w\" sizes=\"(max-width: 1000px) 100vw, 1000px\" \/><\/div>\n\t\t<\/a>\n\t\t\t\t<div class=\"elementor-post__text\">\n\t\t\t\t<h3 class=\"elementor-post__title\">\n\t\t\t<a href=\"https:\/\/ciiam.org\/en\/ciiam-y-la-aedae-firman-un-convenio-para-impulsar-el-arbitraje-en-el-sector-aeronautico-espacial-y-de-defensa\/\" >\n\t\t\t\tCIIAM y la AEDAE firman un convenio para impulsar el arbitraje en el sector aeron\u00e1utico, espacial y de defensa\t\t\t<\/a>\n\t\t<\/h3>\n\t\t\t\t<div class=\"elementor-post__meta-data\">\n\t\t\t\t\t<span class=\"elementor-post-date\">\n\t\t\t23 February, 2026\t\t<\/span>\n\t\t\t\t<\/div>\n\t\t\t\t<\/div>\n\t\t\t\t<\/article>\n\t\t\t\t<article class=\"elementor-post elementor-grid-item post-35355 post type-post status-publish format-standard has-post-thumbnail hentry category-actualidad\" role=\"listitem\">\n\t\t\t\t<a class=\"elementor-post__thumbnail__link\" href=\"https:\/\/ciiam.org\/en\/ciiam-presenta-su-guia-de-procedimiento-para-reforzar-la-coherencia-la-calidad-y-la-previsibilidad-de-sus-arbitrajes\/\" tabindex=\"-1\" >\n\t\t\t<div class=\"elementor-post__thumbnail\"><img loading=\"lazy\" decoding=\"async\" width=\"2192\" height=\"1461\" src=\"https:\/\/ciiam.org\/wp-content\/uploads\/2026\/02\/MCH_6413.jpg\" class=\"attachment-full size-full wp-image-35364\" alt=\"gu\u00eda\" srcset=\"https:\/\/ciiam.org\/wp-content\/uploads\/2026\/02\/MCH_6413.jpg 2192w, https:\/\/ciiam.org\/wp-content\/uploads\/2026\/02\/MCH_6413-300x200.jpg 300w, https:\/\/ciiam.org\/wp-content\/uploads\/2026\/02\/MCH_6413-1024x683.jpg 1024w, https:\/\/ciiam.org\/wp-content\/uploads\/2026\/02\/MCH_6413-768x512.jpg 768w, https:\/\/ciiam.org\/wp-content\/uploads\/2026\/02\/MCH_6413-391x260.jpg 391w, https:\/\/ciiam.org\/wp-content\/uploads\/2026\/02\/MCH_6413-1536x1024.jpg 1536w, https:\/\/ciiam.org\/wp-content\/uploads\/2026\/02\/MCH_6413-2048x1365.jpg 2048w\" sizes=\"(max-width: 2192px) 100vw, 2192px\" \/><\/div>\n\t\t<\/a>\n\t\t\t\t<div class=\"elementor-post__text\">\n\t\t\t\t<h3 class=\"elementor-post__title\">\n\t\t\t<a href=\"https:\/\/ciiam.org\/en\/ciiam-presenta-su-guia-de-procedimiento-para-reforzar-la-coherencia-la-calidad-y-la-previsibilidad-de-sus-arbitrajes\/\" >\n\t\t\t\tCIIAM presenta su Gu\u00eda de Procedimiento para reforzar la coherencia, la calidad y la previsibilidad de sus arbitrajes\t\t\t<\/a>\n\t\t<\/h3>\n\t\t\t\t<div class=\"elementor-post__meta-data\">\n\t\t\t\t\t<span class=\"elementor-post-date\">\n\t\t\t5 February, 2026\t\t<\/span>\n\t\t\t\t<\/div>\n\t\t\t\t<\/div>\n\t\t\t\t<\/article>\n\t\t\t\t<article class=\"elementor-post elementor-grid-item post-35229 post type-post status-publish format-standard has-post-thumbnail hentry category-actualidad\" role=\"listitem\">\n\t\t\t\t<a class=\"elementor-post__thumbnail__link\" href=\"https:\/\/ciiam.org\/en\/centro-internacional-e-iberoamericano-de-arbitraje-de-madrid-ciiam-nueva-denominacion-e-imagen-de-ciam-ciar\/\" tabindex=\"-1\" >\n\t\t\t<div class=\"elementor-post__thumbnail\"><img loading=\"lazy\" decoding=\"async\" width=\"2511\" height=\"2124\" src=\"https:\/\/ciiam.org\/wp-content\/uploads\/2026\/01\/Acto-CIIAM.jpg\" class=\"attachment-full size-full wp-image-35230\" alt=\"CIIAM\" srcset=\"https:\/\/ciiam.org\/wp-content\/uploads\/2026\/01\/Acto-CIIAM.jpg 2511w, https:\/\/ciiam.org\/wp-content\/uploads\/2026\/01\/Acto-CIIAM-300x254.jpg 300w, https:\/\/ciiam.org\/wp-content\/uploads\/2026\/01\/Acto-CIIAM-1024x866.jpg 1024w, https:\/\/ciiam.org\/wp-content\/uploads\/2026\/01\/Acto-CIIAM-768x650.jpg 768w, https:\/\/ciiam.org\/wp-content\/uploads\/2026\/01\/Acto-CIIAM-1536x1299.jpg 1536w, https:\/\/ciiam.org\/wp-content\/uploads\/2026\/01\/Acto-CIIAM-2048x1732.jpg 2048w\" sizes=\"(max-width: 2511px) 100vw, 2511px\" \/><\/div>\n\t\t<\/a>\n\t\t\t\t<div class=\"elementor-post__text\">\n\t\t\t\t<h3 class=\"elementor-post__title\">\n\t\t\t<a href=\"https:\/\/ciiam.org\/en\/centro-internacional-e-iberoamericano-de-arbitraje-de-madrid-ciiam-nueva-denominacion-e-imagen-de-ciam-ciar\/\" >\n\t\t\t\tCentro Internacional e Iberoamericano de Arbitraje de Madrid (CIIAM), nueva denominaci\u00f3n e imagen de CIAM-CIAR\t\t\t<\/a>\n\t\t<\/h3>\n\t\t\t\t<div class=\"elementor-post__meta-data\">\n\t\t\t\t\t<span class=\"elementor-post-date\">\n\t\t\t19 January, 2026\t\t<\/span>\n\t\t\t\t<\/div>\n\t\t\t\t<\/div>\n\t\t\t\t<\/article>\n\t\t\t\t<article class=\"elementor-post elementor-grid-item post-35278 post type-post status-publish format-standard has-post-thumbnail hentry category-actualidad\" role=\"listitem\">\n\t\t\t\t<a class=\"elementor-post__thumbnail__link\" href=\"https:\/\/ciiam.org\/en\/el-icam-se-adhiere-al-manifiesto-por-el-uso-del-espanol-en-el-arbitraje-internacional\/\" tabindex=\"-1\" >\n\t\t\t<div class=\"elementor-post__thumbnail\"><img loading=\"lazy\" decoding=\"async\" width=\"2424\" height=\"1688\" src=\"https:\/\/ciiam.org\/wp-content\/uploads\/2026\/01\/DSC08985-1.jpg\" class=\"attachment-full size-full wp-image-35279\" alt=\"ICAM\" srcset=\"https:\/\/ciiam.org\/wp-content\/uploads\/2026\/01\/DSC08985-1.jpg 2424w, https:\/\/ciiam.org\/wp-content\/uploads\/2026\/01\/DSC08985-1-300x209.jpg 300w, https:\/\/ciiam.org\/wp-content\/uploads\/2026\/01\/DSC08985-1-1024x713.jpg 1024w, https:\/\/ciiam.org\/wp-content\/uploads\/2026\/01\/DSC08985-1-768x535.jpg 768w, https:\/\/ciiam.org\/wp-content\/uploads\/2026\/01\/DSC08985-1-1536x1070.jpg 1536w, https:\/\/ciiam.org\/wp-content\/uploads\/2026\/01\/DSC08985-1-2048x1426.jpg 2048w\" sizes=\"(max-width: 2424px) 100vw, 2424px\" \/><\/div>\n\t\t<\/a>\n\t\t\t\t<div class=\"elementor-post__text\">\n\t\t\t\t<h3 class=\"elementor-post__title\">\n\t\t\t<a href=\"https:\/\/ciiam.org\/en\/el-icam-se-adhiere-al-manifiesto-por-el-uso-del-espanol-en-el-arbitraje-internacional\/\" >\n\t\t\t\tEl ICAM se adhiere al Manifiesto por el uso del espa\u00f1ol en el arbitraje internacional\t\t\t<\/a>\n\t\t<\/h3>\n\t\t\t\t<div class=\"elementor-post__meta-data\">\n\t\t\t\t\t<span class=\"elementor-post-date\">\n\t\t\t16 January, 2026\t\t<\/span>\n\t\t\t\t<\/div>\n\t\t\t\t<\/div>\n\t\t\t\t<\/article>\n\t\t\t\t<article class=\"elementor-post elementor-grid-item post-33290 post type-post status-publish format-standard has-post-thumbnail hentry category-actualidad\" role=\"listitem\">\n\t\t\t\t<a class=\"elementor-post__thumbnail__link\" href=\"https:\/\/ciiam.org\/en\/CIIAM-refuerza-su-red-de-grupos-de-trabajo-con-tres-nuevas-areas-especializadas-en-arbitraje-para-empresa-familiar-salud-y-sectores-aeronautico-espacial-y-defensa\/\" tabindex=\"-1\" >\n\t\t\t<div class=\"elementor-post__thumbnail\"><img loading=\"lazy\" decoding=\"async\" width=\"979\" height=\"482\" src=\"https:\/\/ciiam.org\/wp-content\/uploads\/2025\/12\/Captura-de-pantalla-2025-12-11-124040.png\" class=\"attachment-full size-full wp-image-33292\" alt=\"grupos de trabajo\" srcset=\"https:\/\/ciiam.org\/wp-content\/uploads\/2025\/12\/Captura-de-pantalla-2025-12-11-124040.png 979w, https:\/\/ciiam.org\/wp-content\/uploads\/2025\/12\/Captura-de-pantalla-2025-12-11-124040-300x148.png 300w, https:\/\/ciiam.org\/wp-content\/uploads\/2025\/12\/Captura-de-pantalla-2025-12-11-124040-768x378.png 768w\" sizes=\"(max-width: 979px) 100vw, 979px\" \/><\/div>\n\t\t<\/a>\n\t\t\t\t<div class=\"elementor-post__text\">\n\t\t\t\t<h3 class=\"elementor-post__title\">\n\t\t\t<a href=\"https:\/\/ciiam.org\/en\/CIIAM-refuerza-su-red-de-grupos-de-trabajo-con-tres-nuevas-areas-especializadas-en-arbitraje-para-empresa-familiar-salud-y-sectores-aeronautico-espacial-y-defensa\/\" >\n\t\t\t\tCIIAM refuerza su red de Grupos de Trabajo con tres nuevas \u00e1reas especializadas en arbitraje para empresa familiar, salud y sectores aeron\u00e1utico, espacial y defensa\t\t\t<\/a>\n\t\t<\/h3>\n\t\t\t\t<div class=\"elementor-post__meta-data\">\n\t\t\t\t\t<span class=\"elementor-post-date\">\n\t\t\t11 December, 2025\t\t<\/span>\n\t\t\t\t<\/div>\n\t\t\t\t<\/div>\n\t\t\t\t<\/article>\n\t\t\t\t<article class=\"elementor-post elementor-grid-item post-33165 post type-post status-publish format-standard has-post-thumbnail hentry category-actualidad\" role=\"listitem\">\n\t\t\t\t<a class=\"elementor-post__thumbnail__link\" href=\"https:\/\/ciiam.org\/en\/el-grupo-de-trabajo-de-economia-digital-y-propiedad-intelectual-de-CIIAM-presenta-un-informe-con-principios-y-recomendaciones-ia-arbitraje\/\" tabindex=\"-1\" >\n\t\t\t<div class=\"elementor-post__thumbnail\"><img loading=\"lazy\" decoding=\"async\" width=\"480\" height=\"387\" src=\"https:\/\/ciiam.org\/wp-content\/uploads\/2025\/11\/Acto-GT-IA_3.jpg\" class=\"attachment-full size-full wp-image-33166\" alt=\"IA\" srcset=\"https:\/\/ciiam.org\/wp-content\/uploads\/2025\/11\/Acto-GT-IA_3.jpg 480w, https:\/\/ciiam.org\/wp-content\/uploads\/2025\/11\/Acto-GT-IA_3-300x242.jpg 300w\" sizes=\"(max-width: 480px) 100vw, 480px\" \/><\/div>\n\t\t<\/a>\n\t\t\t\t<div class=\"elementor-post__text\">\n\t\t\t\t<h3 class=\"elementor-post__title\">\n\t\t\t<a href=\"https:\/\/ciiam.org\/en\/el-grupo-de-trabajo-de-economia-digital-y-propiedad-intelectual-de-CIIAM-presenta-un-informe-con-principios-y-recomendaciones-ia-arbitraje\/\" >\n\t\t\t\tEl Grupo de Trabajo de Econom\u00eda Digital y Propiedad Intelectual de CIIAM presenta un informe con principios y recomendaciones para el uso de IA en el arbitraje\t\t\t<\/a>\n\t\t<\/h3>\n\t\t\t\t<div class=\"elementor-post__meta-data\">\n\t\t\t\t\t<span class=\"elementor-post-date\">\n\t\t\t28 November, 2025\t\t<\/span>\n\t\t\t\t<\/div>\n\t\t\t\t<\/div>\n\t\t\t\t<\/article>\n\t\t\t\t<\/div>\n\t\t\n\t\t\t\t<div class=\"e-load-more-anchor\" data-page=\"1\" data-max-page=\"41\" data-next-page=\"https:\/\/ciiam.org\/en\/wp-json\/wp\/v2\/pages\/21999\/page\/2\/\"><\/div>\n\t\t\t\t<nav class=\"elementor-pagination\" aria-label=\"Pagination\">\n\t\t\t<span class=\"page-numbers prev\">&laquo; Previous<\/span>\n<span aria-current=\"page\" class=\"page-numbers current\"><span class=\"elementor-screen-only\">Page<\/span>1<\/span>\n<a class=\"page-numbers\" href=\"https:\/\/ciiam.org\/en\/wp-json\/wp\/v2\/pages\/21999\/page\/2\/\"><span class=\"elementor-screen-only\">Page<\/span>2<\/a>\n<a class=\"page-numbers\" href=\"https:\/\/ciiam.org\/en\/wp-json\/wp\/v2\/pages\/21999\/page\/3\/\"><span class=\"elementor-screen-only\">Page<\/span>3<\/a>\n<span class=\"page-numbers dots\">&hellip;<\/span>\n<a class=\"page-numbers\" href=\"https:\/\/ciiam.org\/en\/wp-json\/wp\/v2\/pages\/21999\/page\/41\/\"><span class=\"elementor-screen-only\">Page<\/span>41<\/a>\n<a class=\"page-numbers next\" href=\"https:\/\/ciiam.org\/en\/wp-json\/wp\/v2\/pages\/21999\/page\/2\/\">Next&raquo;<\/a>\t\t<\/nav>\n\t\t\t\t\t\t<\/div>\n\t\t\t\t<\/div>\n\t\t\t\t<div class=\"elementor-element elementor-element-8bb29de elementor-hidden-desktop elementor-hidden-phone elementor-grid-3 elementor-grid-tablet-2 elementor-grid-mobile-1 elementor-posts--thumbnail-top elementor-widget elementor-widget-posts\" data-id=\"8bb29de\" data-element_type=\"widget\" data-e-type=\"widget\" data-settings=\"{&quot;classic_columns&quot;:&quot;3&quot;,&quot;classic_columns_tablet&quot;:&quot;2&quot;,&quot;classic_columns_mobile&quot;:&quot;1&quot;,&quot;classic_row_gap&quot;:{&quot;unit&quot;:&quot;px&quot;,&quot;size&quot;:35,&quot;sizes&quot;:[]},&quot;classic_row_gap_tablet&quot;:{&quot;unit&quot;:&quot;px&quot;,&quot;size&quot;:&quot;&quot;,&quot;sizes&quot;:[]},&quot;classic_row_gap_mobile&quot;:{&quot;unit&quot;:&quot;px&quot;,&quot;size&quot;:&quot;&quot;,&quot;sizes&quot;:[]}}\" data-widget_type=\"posts.classic\">\n\t\t\t\t<div class=\"elementor-widget-container\">\n\t\t\t\t\t\t\t<div class=\"elementor-posts-container elementor-posts elementor-posts--skin-classic elementor-grid\" role=\"list\">\n\t\t\t\t<article class=\"elementor-post elementor-grid-item post-36643 post type-post status-publish format-standard has-post-thumbnail hentry category-actualidad\" role=\"listitem\">\n\t\t\t\t<a class=\"elementor-post__thumbnail__link\" href=\"https:\/\/ciiam.org\/en\/ciiam-renueva-la-conformacion-de-su-pleno-y-de-sus-comisiones\/\" tabindex=\"-1\" >\n\t\t\t<div class=\"elementor-post__thumbnail\"><img fetchpriority=\"high\" decoding=\"async\" width=\"1920\" height=\"1080\" src=\"https:\/\/ciiam.org\/wp-content\/uploads\/2026\/04\/Jose-Astigarraga-Andrea-Orta-y-Eugenio-Ribon.jpg\" class=\"attachment-full size-full wp-image-36644\" alt=\"\" srcset=\"https:\/\/ciiam.org\/wp-content\/uploads\/2026\/04\/Jose-Astigarraga-Andrea-Orta-y-Eugenio-Ribon.jpg 1920w, https:\/\/ciiam.org\/wp-content\/uploads\/2026\/04\/Jose-Astigarraga-Andrea-Orta-y-Eugenio-Ribon-300x169.jpg 300w, https:\/\/ciiam.org\/wp-content\/uploads\/2026\/04\/Jose-Astigarraga-Andrea-Orta-y-Eugenio-Ribon-1024x576.jpg 1024w, https:\/\/ciiam.org\/wp-content\/uploads\/2026\/04\/Jose-Astigarraga-Andrea-Orta-y-Eugenio-Ribon-768x432.jpg 768w, https:\/\/ciiam.org\/wp-content\/uploads\/2026\/04\/Jose-Astigarraga-Andrea-Orta-y-Eugenio-Ribon-1536x864.jpg 1536w\" sizes=\"(max-width: 1920px) 100vw, 1920px\" \/><\/div>\n\t\t<\/a>\n\t\t\t\t<div class=\"elementor-post__text\">\n\t\t\t\t<h3 class=\"elementor-post__title\">\n\t\t\t<a href=\"https:\/\/ciiam.org\/en\/ciiam-renueva-la-conformacion-de-su-pleno-y-de-sus-comisiones\/\" >\n\t\t\t\tCIIAM renueva la conformaci\u00f3n de su Pleno y de sus Comisiones\t\t\t<\/a>\n\t\t<\/h3>\n\t\t\t\t<div class=\"elementor-post__meta-data\">\n\t\t\t\t\t<span class=\"elementor-post-date\">\n\t\t\t6 April, 2026\t\t<\/span>\n\t\t\t\t<\/div>\n\t\t\t\t<div class=\"elementor-post__excerpt\">\n\t\t\t<p>El Centro refuerza as\u00ed su estructura institucional con perfiles internacionales que aportan una s\u00f3lida trayectoria en el \u00e1mbito p\u00fablico y privado Madrid, 06\/04\/2026.- Tres juristas<\/p>\n\t\t<\/div>\n\t\t\n\t\t<a class=\"elementor-post__read-more\" href=\"https:\/\/ciiam.org\/en\/ciiam-renueva-la-conformacion-de-su-pleno-y-de-sus-comisiones\/\" aria-label=\"Read more about CIIAM renueva la conformaci\u00f3n de su Pleno y de sus Comisiones\" tabindex=\"-1\" >\n\t\t\tMore information \u00bb\t\t<\/a>\n\n\t\t\t\t<\/div>\n\t\t\t\t<\/article>\n\t\t\t\t<article class=\"elementor-post elementor-grid-item post-35688 post type-post status-publish format-standard has-post-thumbnail hentry category-actualidad\" role=\"listitem\">\n\t\t\t\t<a class=\"elementor-post__thumbnail__link\" href=\"https:\/\/ciiam.org\/en\/jose-maria-alonso-participa-como-invitado-especial-en-la-xxiv-asamblea-plenaria-de-la-comjib-en-panama\/\" tabindex=\"-1\" >\n\t\t\t<div class=\"elementor-post__thumbnail\"><img decoding=\"async\" width=\"1299\" height=\"812\" src=\"https:\/\/ciiam.org\/wp-content\/uploads\/2026\/03\/COMJIB_Familia.jpg\" class=\"attachment-full size-full wp-image-35690\" alt=\"Fotograf\u00eda de familia COMJIB\" srcset=\"https:\/\/ciiam.org\/wp-content\/uploads\/2026\/03\/COMJIB_Familia.jpg 1299w, https:\/\/ciiam.org\/wp-content\/uploads\/2026\/03\/COMJIB_Familia-300x188.jpg 300w, https:\/\/ciiam.org\/wp-content\/uploads\/2026\/03\/COMJIB_Familia-1024x640.jpg 1024w, https:\/\/ciiam.org\/wp-content\/uploads\/2026\/03\/COMJIB_Familia-768x480.jpg 768w\" sizes=\"(max-width: 1299px) 100vw, 1299px\" \/><\/div>\n\t\t<\/a>\n\t\t\t\t<div class=\"elementor-post__text\">\n\t\t\t\t<h3 class=\"elementor-post__title\">\n\t\t\t<a href=\"https:\/\/ciiam.org\/en\/jose-maria-alonso-participa-como-invitado-especial-en-la-xxiv-asamblea-plenaria-de-la-comjib-en-panama\/\" >\n\t\t\t\tJos\u00e9 Mar\u00eda Alonso participa como invitado especial en la XXIV Asamblea Plenaria de la COMJIB en Panam\u00e1\t\t\t<\/a>\n\t\t<\/h3>\n\t\t\t\t<div class=\"elementor-post__meta-data\">\n\t\t\t\t\t<span class=\"elementor-post-date\">\n\t\t\t6 March, 2026\t\t<\/span>\n\t\t\t\t<\/div>\n\t\t\t\t<div class=\"elementor-post__excerpt\">\n\t\t\t<p>Ciudad de Panam\u00e1, 06\/03\/2026.- El presidente del Centro Internacional e Iberoamericano de Arbitraje de Madrid (CIIAM), Jos\u00e9 Mar\u00eda Alonso, particip\u00f3 como invitado especial en la<\/p>\n\t\t<\/div>\n\t\t\n\t\t<a class=\"elementor-post__read-more\" href=\"https:\/\/ciiam.org\/en\/jose-maria-alonso-participa-como-invitado-especial-en-la-xxiv-asamblea-plenaria-de-la-comjib-en-panama\/\" aria-label=\"Read more about Jos\u00e9 Mar\u00eda Alonso participa como invitado especial en la XXIV Asamblea Plenaria de la COMJIB en Panam\u00e1\" tabindex=\"-1\" >\n\t\t\tMore information \u00bb\t\t<\/a>\n\n\t\t\t\t<\/div>\n\t\t\t\t<\/article>\n\t\t\t\t<\/div>\n\t\t\n\t\t\t\t\t\t<\/div>\n\t\t\t\t<\/div>\n\t\t\t\t<div class=\"elementor-element elementor-element-61dfb1d elementor-grid-2 elementor-posts--thumbnail-left elementor-hidden-desktop elementor-hidden-phone elementor-grid-tablet-2 elementor-grid-mobile-1 elementor-widget elementor-widget-posts\" data-id=\"61dfb1d\" data-element_type=\"widget\" data-e-type=\"widget\" data-settings=\"{&quot;classic_columns&quot;:&quot;2&quot;,&quot;pagination_type&quot;:&quot;numbers_and_prev_next&quot;,&quot;classic_columns_tablet&quot;:&quot;2&quot;,&quot;classic_columns_mobile&quot;:&quot;1&quot;,&quot;classic_row_gap&quot;:{&quot;unit&quot;:&quot;px&quot;,&quot;size&quot;:35,&quot;sizes&quot;:[]},&quot;classic_row_gap_tablet&quot;:{&quot;unit&quot;:&quot;px&quot;,&quot;size&quot;:&quot;&quot;,&quot;sizes&quot;:[]},&quot;classic_row_gap_mobile&quot;:{&quot;unit&quot;:&quot;px&quot;,&quot;size&quot;:&quot;&quot;,&quot;sizes&quot;:[]}}\" data-widget_type=\"posts.classic\">\n\t\t\t\t<div class=\"elementor-widget-container\">\n\t\t\t\t\t\t\t<div class=\"elementor-posts-container elementor-posts elementor-posts--skin-classic elementor-grid\" role=\"list\">\n\t\t\t\t<article class=\"elementor-post elementor-grid-item post-35396 post type-post status-publish format-standard has-post-thumbnail hentry category-actualidad\" role=\"listitem\">\n\t\t\t\t<a class=\"elementor-post__thumbnail__link\" href=\"https:\/\/ciiam.org\/en\/ciiam-administra-en-2025-casos-por-una-cuantia-agregada-de-149-millones-de-euros-un-17-mas-que-el-ano-anterior\/\" tabindex=\"-1\" >\n\t\t\t<div class=\"elementor-post__thumbnail\"><img decoding=\"async\" width=\"1221\" height=\"884\" src=\"https:\/\/ciiam.org\/wp-content\/uploads\/2026\/02\/Estadisticas-2025-1-1.png\" class=\"attachment-full size-full wp-image-35404\" alt=\"2025\" srcset=\"https:\/\/ciiam.org\/wp-content\/uploads\/2026\/02\/Estadisticas-2025-1-1.png 1221w, https:\/\/ciiam.org\/wp-content\/uploads\/2026\/02\/Estadisticas-2025-1-1-300x217.png 300w, https:\/\/ciiam.org\/wp-content\/uploads\/2026\/02\/Estadisticas-2025-1-1-1024x741.png 1024w, https:\/\/ciiam.org\/wp-content\/uploads\/2026\/02\/Estadisticas-2025-1-1-768x556.png 768w\" sizes=\"(max-width: 1221px) 100vw, 1221px\" \/><\/div>\n\t\t<\/a>\n\t\t\t\t<div class=\"elementor-post__text\">\n\t\t\t\t<h3 class=\"elementor-post__title\">\n\t\t\t<a href=\"https:\/\/ciiam.org\/en\/ciiam-administra-en-2025-casos-por-una-cuantia-agregada-de-149-millones-de-euros-un-17-mas-que-el-ano-anterior\/\" >\n\t\t\t\tCIIAM administra en 2025 casos por una cuant\u00eda agregada de 149 millones de euros, un 17% m\u00e1s que el a\u00f1o anterior\t\t\t<\/a>\n\t\t<\/h3>\n\t\t\t\t<div class=\"elementor-post__meta-data\">\n\t\t\t\t\t<span class=\"elementor-post-date\">\n\t\t\t25 February, 2026\t\t<\/span>\n\t\t\t\t<\/div>\n\t\t\t\t<\/div>\n\t\t\t\t<\/article>\n\t\t\t\t<article class=\"elementor-post elementor-grid-item post-35387 post type-post status-publish format-standard has-post-thumbnail hentry category-actualidad\" role=\"listitem\">\n\t\t\t\t<a class=\"elementor-post__thumbnail__link\" href=\"https:\/\/ciiam.org\/en\/ciiam-y-la-aedae-firman-un-convenio-para-impulsar-el-arbitraje-en-el-sector-aeronautico-espacial-y-de-defensa\/\" tabindex=\"-1\" >\n\t\t\t<div class=\"elementor-post__thumbnail\"><img loading=\"lazy\" decoding=\"async\" width=\"1000\" height=\"571\" src=\"https:\/\/ciiam.org\/wp-content\/uploads\/2026\/02\/GT-aeroespacial.jpg\" class=\"attachment-full size-full wp-image-35389\" alt=\"AEDAE\" srcset=\"https:\/\/ciiam.org\/wp-content\/uploads\/2026\/02\/GT-aeroespacial.jpg 1000w, https:\/\/ciiam.org\/wp-content\/uploads\/2026\/02\/GT-aeroespacial-300x171.jpg 300w, https:\/\/ciiam.org\/wp-content\/uploads\/2026\/02\/GT-aeroespacial-768x439.jpg 768w\" sizes=\"(max-width: 1000px) 100vw, 1000px\" \/><\/div>\n\t\t<\/a>\n\t\t\t\t<div class=\"elementor-post__text\">\n\t\t\t\t<h3 class=\"elementor-post__title\">\n\t\t\t<a href=\"https:\/\/ciiam.org\/en\/ciiam-y-la-aedae-firman-un-convenio-para-impulsar-el-arbitraje-en-el-sector-aeronautico-espacial-y-de-defensa\/\" >\n\t\t\t\tCIIAM y la AEDAE firman un convenio para impulsar el arbitraje en el sector aeron\u00e1utico, espacial y de defensa\t\t\t<\/a>\n\t\t<\/h3>\n\t\t\t\t<div class=\"elementor-post__meta-data\">\n\t\t\t\t\t<span class=\"elementor-post-date\">\n\t\t\t23 February, 2026\t\t<\/span>\n\t\t\t\t<\/div>\n\t\t\t\t<\/div>\n\t\t\t\t<\/article>\n\t\t\t\t<article class=\"elementor-post elementor-grid-item post-35355 post type-post status-publish format-standard has-post-thumbnail hentry category-actualidad\" role=\"listitem\">\n\t\t\t\t<a class=\"elementor-post__thumbnail__link\" href=\"https:\/\/ciiam.org\/en\/ciiam-presenta-su-guia-de-procedimiento-para-reforzar-la-coherencia-la-calidad-y-la-previsibilidad-de-sus-arbitrajes\/\" tabindex=\"-1\" >\n\t\t\t<div class=\"elementor-post__thumbnail\"><img loading=\"lazy\" decoding=\"async\" width=\"2192\" height=\"1461\" src=\"https:\/\/ciiam.org\/wp-content\/uploads\/2026\/02\/MCH_6413.jpg\" class=\"attachment-full size-full wp-image-35364\" alt=\"gu\u00eda\" srcset=\"https:\/\/ciiam.org\/wp-content\/uploads\/2026\/02\/MCH_6413.jpg 2192w, https:\/\/ciiam.org\/wp-content\/uploads\/2026\/02\/MCH_6413-300x200.jpg 300w, https:\/\/ciiam.org\/wp-content\/uploads\/2026\/02\/MCH_6413-1024x683.jpg 1024w, https:\/\/ciiam.org\/wp-content\/uploads\/2026\/02\/MCH_6413-768x512.jpg 768w, https:\/\/ciiam.org\/wp-content\/uploads\/2026\/02\/MCH_6413-391x260.jpg 391w, https:\/\/ciiam.org\/wp-content\/uploads\/2026\/02\/MCH_6413-1536x1024.jpg 1536w, https:\/\/ciiam.org\/wp-content\/uploads\/2026\/02\/MCH_6413-2048x1365.jpg 2048w\" sizes=\"(max-width: 2192px) 100vw, 2192px\" \/><\/div>\n\t\t<\/a>\n\t\t\t\t<div class=\"elementor-post__text\">\n\t\t\t\t<h3 class=\"elementor-post__title\">\n\t\t\t<a href=\"https:\/\/ciiam.org\/en\/ciiam-presenta-su-guia-de-procedimiento-para-reforzar-la-coherencia-la-calidad-y-la-previsibilidad-de-sus-arbitrajes\/\" >\n\t\t\t\tCIIAM presenta su Gu\u00eda de Procedimiento para reforzar la coherencia, la calidad y la previsibilidad de sus arbitrajes\t\t\t<\/a>\n\t\t<\/h3>\n\t\t\t\t<div class=\"elementor-post__meta-data\">\n\t\t\t\t\t<span class=\"elementor-post-date\">\n\t\t\t5 February, 2026\t\t<\/span>\n\t\t\t\t<\/div>\n\t\t\t\t<\/div>\n\t\t\t\t<\/article>\n\t\t\t\t<article class=\"elementor-post elementor-grid-item post-35229 post type-post status-publish format-standard has-post-thumbnail hentry category-actualidad\" role=\"listitem\">\n\t\t\t\t<a class=\"elementor-post__thumbnail__link\" href=\"https:\/\/ciiam.org\/en\/centro-internacional-e-iberoamericano-de-arbitraje-de-madrid-ciiam-nueva-denominacion-e-imagen-de-ciam-ciar\/\" tabindex=\"-1\" >\n\t\t\t<div class=\"elementor-post__thumbnail\"><img loading=\"lazy\" decoding=\"async\" width=\"2511\" height=\"2124\" src=\"https:\/\/ciiam.org\/wp-content\/uploads\/2026\/01\/Acto-CIIAM.jpg\" class=\"attachment-full size-full wp-image-35230\" alt=\"CIIAM\" srcset=\"https:\/\/ciiam.org\/wp-content\/uploads\/2026\/01\/Acto-CIIAM.jpg 2511w, https:\/\/ciiam.org\/wp-content\/uploads\/2026\/01\/Acto-CIIAM-300x254.jpg 300w, https:\/\/ciiam.org\/wp-content\/uploads\/2026\/01\/Acto-CIIAM-1024x866.jpg 1024w, https:\/\/ciiam.org\/wp-content\/uploads\/2026\/01\/Acto-CIIAM-768x650.jpg 768w, https:\/\/ciiam.org\/wp-content\/uploads\/2026\/01\/Acto-CIIAM-1536x1299.jpg 1536w, https:\/\/ciiam.org\/wp-content\/uploads\/2026\/01\/Acto-CIIAM-2048x1732.jpg 2048w\" sizes=\"(max-width: 2511px) 100vw, 2511px\" \/><\/div>\n\t\t<\/a>\n\t\t\t\t<div class=\"elementor-post__text\">\n\t\t\t\t<h3 class=\"elementor-post__title\">\n\t\t\t<a href=\"https:\/\/ciiam.org\/en\/centro-internacional-e-iberoamericano-de-arbitraje-de-madrid-ciiam-nueva-denominacion-e-imagen-de-ciam-ciar\/\" >\n\t\t\t\tCentro Internacional e Iberoamericano de Arbitraje de Madrid (CIIAM), nueva denominaci\u00f3n e imagen de CIAM-CIAR\t\t\t<\/a>\n\t\t<\/h3>\n\t\t\t\t<div class=\"elementor-post__meta-data\">\n\t\t\t\t\t<span class=\"elementor-post-date\">\n\t\t\t19 January, 2026\t\t<\/span>\n\t\t\t\t<\/div>\n\t\t\t\t<\/div>\n\t\t\t\t<\/article>\n\t\t\t\t<article class=\"elementor-post elementor-grid-item post-35278 post type-post status-publish format-standard has-post-thumbnail hentry category-actualidad\" role=\"listitem\">\n\t\t\t\t<a class=\"elementor-post__thumbnail__link\" href=\"https:\/\/ciiam.org\/en\/el-icam-se-adhiere-al-manifiesto-por-el-uso-del-espanol-en-el-arbitraje-internacional\/\" tabindex=\"-1\" >\n\t\t\t<div class=\"elementor-post__thumbnail\"><img loading=\"lazy\" decoding=\"async\" width=\"2424\" height=\"1688\" src=\"https:\/\/ciiam.org\/wp-content\/uploads\/2026\/01\/DSC08985-1.jpg\" class=\"attachment-full size-full wp-image-35279\" alt=\"ICAM\" srcset=\"https:\/\/ciiam.org\/wp-content\/uploads\/2026\/01\/DSC08985-1.jpg 2424w, https:\/\/ciiam.org\/wp-content\/uploads\/2026\/01\/DSC08985-1-300x209.jpg 300w, https:\/\/ciiam.org\/wp-content\/uploads\/2026\/01\/DSC08985-1-1024x713.jpg 1024w, https:\/\/ciiam.org\/wp-content\/uploads\/2026\/01\/DSC08985-1-768x535.jpg 768w, https:\/\/ciiam.org\/wp-content\/uploads\/2026\/01\/DSC08985-1-1536x1070.jpg 1536w, https:\/\/ciiam.org\/wp-content\/uploads\/2026\/01\/DSC08985-1-2048x1426.jpg 2048w\" sizes=\"(max-width: 2424px) 100vw, 2424px\" \/><\/div>\n\t\t<\/a>\n\t\t\t\t<div class=\"elementor-post__text\">\n\t\t\t\t<h3 class=\"elementor-post__title\">\n\t\t\t<a href=\"https:\/\/ciiam.org\/en\/el-icam-se-adhiere-al-manifiesto-por-el-uso-del-espanol-en-el-arbitraje-internacional\/\" >\n\t\t\t\tEl ICAM se adhiere al Manifiesto por el uso del espa\u00f1ol en el arbitraje internacional\t\t\t<\/a>\n\t\t<\/h3>\n\t\t\t\t<div class=\"elementor-post__meta-data\">\n\t\t\t\t\t<span class=\"elementor-post-date\">\n\t\t\t16 January, 2026\t\t<\/span>\n\t\t\t\t<\/div>\n\t\t\t\t<\/div>\n\t\t\t\t<\/article>\n\t\t\t\t<article class=\"elementor-post elementor-grid-item post-33290 post type-post status-publish format-standard has-post-thumbnail hentry category-actualidad\" role=\"listitem\">\n\t\t\t\t<a class=\"elementor-post__thumbnail__link\" href=\"https:\/\/ciiam.org\/en\/CIIAM-refuerza-su-red-de-grupos-de-trabajo-con-tres-nuevas-areas-especializadas-en-arbitraje-para-empresa-familiar-salud-y-sectores-aeronautico-espacial-y-defensa\/\" tabindex=\"-1\" >\n\t\t\t<div class=\"elementor-post__thumbnail\"><img loading=\"lazy\" decoding=\"async\" width=\"979\" height=\"482\" src=\"https:\/\/ciiam.org\/wp-content\/uploads\/2025\/12\/Captura-de-pantalla-2025-12-11-124040.png\" class=\"attachment-full size-full wp-image-33292\" alt=\"grupos de trabajo\" srcset=\"https:\/\/ciiam.org\/wp-content\/uploads\/2025\/12\/Captura-de-pantalla-2025-12-11-124040.png 979w, https:\/\/ciiam.org\/wp-content\/uploads\/2025\/12\/Captura-de-pantalla-2025-12-11-124040-300x148.png 300w, https:\/\/ciiam.org\/wp-content\/uploads\/2025\/12\/Captura-de-pantalla-2025-12-11-124040-768x378.png 768w\" sizes=\"(max-width: 979px) 100vw, 979px\" \/><\/div>\n\t\t<\/a>\n\t\t\t\t<div class=\"elementor-post__text\">\n\t\t\t\t<h3 class=\"elementor-post__title\">\n\t\t\t<a href=\"https:\/\/ciiam.org\/en\/CIIAM-refuerza-su-red-de-grupos-de-trabajo-con-tres-nuevas-areas-especializadas-en-arbitraje-para-empresa-familiar-salud-y-sectores-aeronautico-espacial-y-defensa\/\" >\n\t\t\t\tCIIAM refuerza su red de Grupos de Trabajo con tres nuevas \u00e1reas especializadas en arbitraje para empresa familiar, salud y sectores aeron\u00e1utico, espacial y defensa\t\t\t<\/a>\n\t\t<\/h3>\n\t\t\t\t<div class=\"elementor-post__meta-data\">\n\t\t\t\t\t<span class=\"elementor-post-date\">\n\t\t\t11 December, 2025\t\t<\/span>\n\t\t\t\t<\/div>\n\t\t\t\t<\/div>\n\t\t\t\t<\/article>\n\t\t\t\t<\/div>\n\t\t\n\t\t\t\t<div class=\"e-load-more-anchor\" data-page=\"1\" data-max-page=\"42\" data-next-page=\"https:\/\/ciiam.org\/en\/wp-json\/wp\/v2\/pages\/21999\/page\/2\/\"><\/div>\n\t\t\t\t<nav class=\"elementor-pagination\" aria-label=\"Pagination\">\n\t\t\t<span class=\"page-numbers prev\">&laquo; Previous<\/span>\n<span aria-current=\"page\" class=\"page-numbers current\"><span class=\"elementor-screen-only\">Page<\/span>1<\/span>\n<a class=\"page-numbers\" href=\"https:\/\/ciiam.org\/en\/wp-json\/wp\/v2\/pages\/21999\/page\/2\/\"><span class=\"elementor-screen-only\">Page<\/span>2<\/a>\n<a class=\"page-numbers\" href=\"https:\/\/ciiam.org\/en\/wp-json\/wp\/v2\/pages\/21999\/page\/3\/\"><span class=\"elementor-screen-only\">Page<\/span>3<\/a>\n<span class=\"page-numbers dots\">&hellip;<\/span>\n<a class=\"page-numbers\" href=\"https:\/\/ciiam.org\/en\/wp-json\/wp\/v2\/pages\/21999\/page\/42\/\"><span class=\"elementor-screen-only\">Page<\/span>42<\/a>\n<a class=\"page-numbers next\" href=\"https:\/\/ciiam.org\/en\/wp-json\/wp\/v2\/pages\/21999\/page\/2\/\">Next&raquo;<\/a>\t\t<\/nav>\n\t\t\t\t\t\t<\/div>\n\t\t\t\t<\/div>\n\t\t\t\t\t<\/div>\n\t\t<\/div>\n\t\t\t\t\t<\/div>\n\t\t<\/section>\n\t\t\t\t<\/div>\n\t\t","protected":false},"excerpt":{"rendered":"<p>Find out all the latest news on the CIIAM news page. Stay informed about the latest developments in international dispute resolution.<\/p>\n","protected":false},"author":2,"featured_media":3968,"parent":0,"menu_order":0,"comment_status":"closed","ping_status":"closed","template":"","meta":{"footnotes":""},"class_list":["post-21999","page","type-page","status-publish","has-post-thumbnail","hentry"],"yoast_head":"<!-- This site is optimized with the Yoast SEO plugin v27.3 - https:\/\/yoast.com\/product\/yoast-seo-wordpress\/ -->\n<title>Latest News - CIIAM<\/title>\n<meta name=\"description\" content=\"Find out all the latest news on the CIIAM news page. Stay informed about the latest developments in international dispute resolution.\" \/>\n<meta name=\"robots\" content=\"index, follow, max-snippet:-1, max-image-preview:large, max-video-preview:-1\" \/>\n<link rel=\"canonical\" href=\"https:\/\/ciiam.org\/en\/latest-news\/\" \/>\n<meta property=\"og:locale\" content=\"en_US\" \/>\n<meta property=\"og:type\" content=\"article\" \/>\n<meta property=\"og:title\" content=\"Latest News - CIIAM\" \/>\n<meta property=\"og:description\" content=\"Find out all the latest news on the CIIAM news page. Stay informed about the latest developments in international dispute resolution.\" \/>\n<meta property=\"og:url\" content=\"https:\/\/ciiam.org\/en\/latest-news\/\" \/>\n<meta property=\"og:site_name\" content=\"CIIAM\" \/>\n<meta property=\"article:modified_time\" content=\"2025-02-28T14:49:37+00:00\" \/>\n<meta property=\"og:image\" content=\"https:\/\/ciiam.org\/wp-content\/uploads\/2020\/02\/fondo_ppal-ultima.jpg\" \/>\n\t<meta property=\"og:image:width\" content=\"1920\" \/>\n\t<meta property=\"og:image:height\" content=\"698\" \/>\n\t<meta property=\"og:image:type\" content=\"image\/jpeg\" \/>\n<meta name=\"twitter:card\" content=\"summary_large_image\" \/>\n<meta name=\"twitter:label1\" content=\"Est. reading time\" \/>\n\t<meta name=\"twitter:data1\" content=\"8 minutes\" \/>\n<script type=\"application\/ld+json\" class=\"yoast-schema-graph\">{\"@context\":\"https:\\\/\\\/schema.org\",\"@graph\":[{\"@type\":\"WebPage\",\"@id\":\"https:\\\/\\\/ciiam.org\\\/en\\\/latest-news\\\/\",\"url\":\"https:\\\/\\\/ciiam.org\\\/en\\\/latest-news\\\/\",\"name\":\"Latest News - CIIAM\",\"isPartOf\":{\"@id\":\"https:\\\/\\\/ciiam.org\\\/en\\\/#website\"},\"primaryImageOfPage\":{\"@id\":\"https:\\\/\\\/ciiam.org\\\/en\\\/latest-news\\\/#primaryimage\"},\"image\":{\"@id\":\"https:\\\/\\\/ciiam.org\\\/en\\\/latest-news\\\/#primaryimage\"},\"thumbnailUrl\":\"https:\\\/\\\/ciiam.org\\\/wp-content\\\/uploads\\\/2020\\\/02\\\/fondo_ppal-ultima.jpg\",\"datePublished\":\"2020-04-06T12:51:13+00:00\",\"dateModified\":\"2025-02-28T14:49:37+00:00\",\"description\":\"Find out all the latest news on the CIIAM news page. Stay informed about the latest developments in international dispute resolution.\",\"breadcrumb\":{\"@id\":\"https:\\\/\\\/ciiam.org\\\/en\\\/latest-news\\\/#breadcrumb\"},\"inLanguage\":\"en-US\",\"potentialAction\":[{\"@type\":\"ReadAction\",\"target\":[\"https:\\\/\\\/ciiam.org\\\/en\\\/latest-news\\\/\"]}]},{\"@type\":\"ImageObject\",\"inLanguage\":\"en-US\",\"@id\":\"https:\\\/\\\/ciiam.org\\\/en\\\/latest-news\\\/#primaryimage\",\"url\":\"https:\\\/\\\/ciiam.org\\\/wp-content\\\/uploads\\\/2020\\\/02\\\/fondo_ppal-ultima.jpg\",\"contentUrl\":\"https:\\\/\\\/ciiam.org\\\/wp-content\\\/uploads\\\/2020\\\/02\\\/fondo_ppal-ultima.jpg\",\"width\":1920,\"height\":698,\"caption\":\"Agenda CIAM CIAR\"},{\"@type\":\"BreadcrumbList\",\"@id\":\"https:\\\/\\\/ciiam.org\\\/en\\\/latest-news\\\/#breadcrumb\",\"itemListElement\":[{\"@type\":\"ListItem\",\"position\":1,\"name\":\"CIAM\",\"item\":\"https:\\\/\\\/ciiam.org\\\/en\\\/\"},{\"@type\":\"ListItem\",\"position\":2,\"name\":\"Latest News\"}]},{\"@type\":\"WebSite\",\"@id\":\"https:\\\/\\\/ciiam.org\\\/en\\\/#website\",\"url\":\"https:\\\/\\\/ciiam.org\\\/en\\\/\",\"name\":\"CIIAM\",\"description\":\"Centro Internacional e Iberoamericano de Arbitraje de Madrid\",\"publisher\":{\"@id\":\"https:\\\/\\\/ciiam.org\\\/en\\\/#organization\"},\"potentialAction\":[{\"@type\":\"SearchAction\",\"target\":{\"@type\":\"EntryPoint\",\"urlTemplate\":\"https:\\\/\\\/ciiam.org\\\/en\\\/?s={search_term_string}\"},\"query-input\":{\"@type\":\"PropertyValueSpecification\",\"valueRequired\":true,\"valueName\":\"search_term_string\"}}],\"inLanguage\":\"en-US\"},{\"@type\":\"Organization\",\"@id\":\"https:\\\/\\\/ciiam.org\\\/en\\\/#organization\",\"name\":\"Centro Internacional e Iberoamericano de Arbitraje de Madrid\",\"alternateName\":\"CIIAM\",\"url\":\"https:\\\/\\\/ciiam.org\\\/en\\\/\",\"logo\":{\"@type\":\"ImageObject\",\"inLanguage\":\"en-US\",\"@id\":\"https:\\\/\\\/ciiam.org\\\/en\\\/#\\\/schema\\\/logo\\\/image\\\/\",\"url\":\"https:\\\/\\\/ciiam.org\\\/wp-content\\\/uploads\\\/2026\\\/01\\\/favicon.png\",\"contentUrl\":\"https:\\\/\\\/ciiam.org\\\/wp-content\\\/uploads\\\/2026\\\/01\\\/favicon.png\",\"width\":500,\"height\":500,\"caption\":\"Centro Internacional e Iberoamericano de Arbitraje de Madrid\"},\"image\":{\"@id\":\"https:\\\/\\\/ciiam.org\\\/en\\\/#\\\/schema\\\/logo\\\/image\\\/\"},\"sameAs\":[\"https:\\\/\\\/www.linkedin.com\\\/company\\\/ciam-centro-internacional-arbitraje-madrid?trk=d_public_post_image\",\"https:\\\/\\\/www.youtube.com\\\/channel\\\/UCU2OI7SAQFv5uXAZ4qO4ALg\"]}]}<\/script>\n<!-- \/ Yoast SEO plugin. -->","yoast_head_json":{"title":"Latest News - CIIAM","description":"Find out all the latest news on the CIIAM news page. Stay informed about the latest developments in international dispute resolution.","robots":{"index":"index","follow":"follow","max-snippet":"max-snippet:-1","max-image-preview":"max-image-preview:large","max-video-preview":"max-video-preview:-1"},"canonical":"https:\/\/ciiam.org\/en\/latest-news\/","og_locale":"en_US","og_type":"article","og_title":"Latest News - CIIAM","og_description":"Find out all the latest news on the CIIAM news page. Stay informed about the latest developments in international dispute resolution.","og_url":"https:\/\/ciiam.org\/en\/latest-news\/","og_site_name":"CIIAM","article_modified_time":"2025-02-28T14:49:37+00:00","og_image":[{"width":1920,"height":698,"url":"https:\/\/ciiam.org\/wp-content\/uploads\/2020\/02\/fondo_ppal-ultima.jpg","type":"image\/jpeg"}],"twitter_card":"summary_large_image","twitter_misc":{"Est. reading time":"8 minutes"},"schema":{"@context":"https:\/\/schema.org","@graph":[{"@type":"WebPage","@id":"https:\/\/ciiam.org\/en\/latest-news\/","url":"https:\/\/ciiam.org\/en\/latest-news\/","name":"Latest News - CIIAM","isPartOf":{"@id":"https:\/\/ciiam.org\/en\/#website"},"primaryImageOfPage":{"@id":"https:\/\/ciiam.org\/en\/latest-news\/#primaryimage"},"image":{"@id":"https:\/\/ciiam.org\/en\/latest-news\/#primaryimage"},"thumbnailUrl":"https:\/\/ciiam.org\/wp-content\/uploads\/2020\/02\/fondo_ppal-ultima.jpg","datePublished":"2020-04-06T12:51:13+00:00","dateModified":"2025-02-28T14:49:37+00:00","description":"Find out all the latest news on the CIIAM news page. Stay informed about the latest developments in international dispute resolution.","breadcrumb":{"@id":"https:\/\/ciiam.org\/en\/latest-news\/#breadcrumb"},"inLanguage":"en-US","potentialAction":[{"@type":"ReadAction","target":["https:\/\/ciiam.org\/en\/latest-news\/"]}]},{"@type":"ImageObject","inLanguage":"en-US","@id":"https:\/\/ciiam.org\/en\/latest-news\/#primaryimage","url":"https:\/\/ciiam.org\/wp-content\/uploads\/2020\/02\/fondo_ppal-ultima.jpg","contentUrl":"https:\/\/ciiam.org\/wp-content\/uploads\/2020\/02\/fondo_ppal-ultima.jpg","width":1920,"height":698,"caption":"Agenda CIAM CIAR"},{"@type":"BreadcrumbList","@id":"https:\/\/ciiam.org\/en\/latest-news\/#breadcrumb","itemListElement":[{"@type":"ListItem","position":1,"name":"CIAM","item":"https:\/\/ciiam.org\/en\/"},{"@type":"ListItem","position":2,"name":"Latest News"}]},{"@type":"WebSite","@id":"https:\/\/ciiam.org\/en\/#website","url":"https:\/\/ciiam.org\/en\/","name":"CIIAM","description":"Centro Internacional e Iberoamericano de Arbitraje de Madrid","publisher":{"@id":"https:\/\/ciiam.org\/en\/#organization"},"potentialAction":[{"@type":"SearchAction","target":{"@type":"EntryPoint","urlTemplate":"https:\/\/ciiam.org\/en\/?s={search_term_string}"},"query-input":{"@type":"PropertyValueSpecification","valueRequired":true,"valueName":"search_term_string"}}],"inLanguage":"en-US"},{"@type":"Organization","@id":"https:\/\/ciiam.org\/en\/#organization","name":"Centro Internacional e Iberoamericano de Arbitraje de Madrid","alternateName":"CIIAM","url":"https:\/\/ciiam.org\/en\/","logo":{"@type":"ImageObject","inLanguage":"en-US","@id":"https:\/\/ciiam.org\/en\/#\/schema\/logo\/image\/","url":"https:\/\/ciiam.org\/wp-content\/uploads\/2026\/01\/favicon.png","contentUrl":"https:\/\/ciiam.org\/wp-content\/uploads\/2026\/01\/favicon.png","width":500,"height":500,"caption":"Centro Internacional e Iberoamericano de Arbitraje de Madrid"},"image":{"@id":"https:\/\/ciiam.org\/en\/#\/schema\/logo\/image\/"},"sameAs":["https:\/\/www.linkedin.com\/company\/ciam-centro-internacional-arbitraje-madrid?trk=d_public_post_image","https:\/\/www.youtube.com\/channel\/UCU2OI7SAQFv5uXAZ4qO4ALg"]}]}},"_links":{"self":[{"href":"https:\/\/ciiam.org\/en\/wp-json\/wp\/v2\/pages\/21999","targetHints":{"allow":["GET"]}}],"collection":[{"href":"https:\/\/ciiam.org\/en\/wp-json\/wp\/v2\/pages"}],"about":[{"href":"https:\/\/ciiam.org\/en\/wp-json\/wp\/v2\/types\/page"}],"author":[{"embeddable":true,"href":"https:\/\/ciiam.org\/en\/wp-json\/wp\/v2\/users\/2"}],"replies":[{"embeddable":true,"href":"https:\/\/ciiam.org\/en\/wp-json\/wp\/v2\/comments?post=21999"}],"version-history":[{"count":10,"href":"https:\/\/ciiam.org\/en\/wp-json\/wp\/v2\/pages\/21999\/revisions"}],"predecessor-version":[{"id":30100,"href":"https:\/\/ciiam.org\/en\/wp-json\/wp\/v2\/pages\/21999\/revisions\/30100"}],"wp:featuredmedia":[{"embeddable":true,"href":"https:\/\/ciiam.org\/en\/wp-json\/wp\/v2\/media\/3968"}],"wp:attachment":[{"href":"https:\/\/ciiam.org\/en\/wp-json\/wp\/v2\/media?parent=21999"}],"curies":[{"name":"wp","href":"https:\/\/api.w.org\/{rel}","templated":true}]}}